{"id":5974,"date":"2023-04-03T14:55:24","date_gmt":"2023-04-03T14:55:24","guid":{"rendered":"https:\/\/curriculum.nbed.ca\/?page_id=5974"},"modified":"2024-11-13T13:38:12","modified_gmt":"2024-11-13T13:38:12","slug":"geographie-du-canada-120","status":"publish","type":"page","link":"https:\/\/curriculum.nbed.ca\/fr\/domaines-dapprentissage\/secondaire\/sciences-humaines\/geographie-du-canada-120\/","title":{"rendered":"G\u00e9ographie\u00a0du Canada\u00a0120"},"content":{"rendered":"<div class=\"g-container\">\n<p>Ce cours de g\u00e9ographie humaine fait suite \u00e0 l\u2019introduction g\u00e9n\u00e9rale \u00e0 la g\u00e9ographie pr\u00e9sent\u00e9e dans le cours Identit\u00e9s canadiennes de 9<sup>e<\/sup>&nbsp;ann\u00e9e et explore comment la pens\u00e9e g\u00e9ographique peut \u00eatre appliqu\u00e9e \u00e0 de nombreux espaces, lieux et personnes au Canada.&nbsp; Les apprenants examineront les perspectives autochtones sur la terre et les lieux; \u00e9laboreront un concept personnel de lieu; aborderont des questions interdisciplinaires sur les lieux, les migrations et les d\u00e9placements humains au Canada et exploreront les concepts d\u2019intendance. Le cours <strong>G\u00e9ographie du Canada&nbsp;120<\/strong> sensibilise les \u00e9l\u00e8ves aux exp\u00e9riences collectives et aux interactions avec les mondes naturels et humains et aux perspectives par rapport \u00e0 ceux-ci.&nbsp;<\/p>\n<\/div>\n\n<div class=\"g-container\">\n<p>Les apprenants auront l\u2019occasion d\u2019explorer des th\u00e8mes sur les plus r\u00e9centes technologies, les trait\u00e9s, les lois et les politiques du Canada. Ils aborderont les r\u00e9alit\u00e9s d\u00e9mographiques, examineront la gestion des ressources, discuteront des d\u00e9fis \u00e9conomiques, \u00e9tudieront la migration et l\u2019immigration, examineront l\u2019investissement et la s\u00e9curit\u00e9 g\u00e9opolitique et analyseront les influences de la g\u00e9ographie sur chacun de ces domaines.<\/p>\n<\/div>\n\n<div class=\"g-container\">\n<p>\u00c0 la fin du cours, les apprenants seront en mesure d\u2019exprimer une connaissance des relations entre leur espace physique, leurs perspectives sur les lieux, les trait\u00e9s et d\u2019autres facteurs cl\u00e9s ayant une influence sur ces relations. Les apprenants pourront articuler les r\u00e9percussions \u00e9thiques de l\u2019intendance et discuter des responsabilit\u00e9s collectives des Canadiens \u00e0 l\u2019\u00e9gard des lieux, des espaces et des peuples.&nbsp;<\/p>\n<\/div>","protected":false},"excerpt":{"rendered":"<p>Ce cours de g\u00e9ographie humaine fait suite \u00e0 l\u2019introduction g\u00e9n\u00e9rale \u00e0 la g\u00e9ographie pr\u00e9sent\u00e9e dans le cours Identit\u00e9s canadiennes de 9e&nbsp;ann\u00e9e et explore comment la pens\u00e9e g\u00e9ographique peut \u00eatre appliqu\u00e9e \u00e0 de nombreux espaces, lieux et personnes au Canada.&nbsp; Les apprenants examineront les perspectives autochtones sur la terre et les lieux; \u00e9laboreront un concept personnel [&hellip;]<\/p>\n","protected":false},"author":6,"featured_media":0,"parent":2474,"menu_order":0,"comment_status":"closed","ping_status":"closed","template":"pages\/template-subject.php","meta":{"_acf_changed":false,"footnotes":""},"class_list":["post-5974","page","type-page","status-publish","hentry"],"acf":[],"_links":{"self":[{"href":"https:\/\/curriculum.nbed.ca\/fr\/wp-json\/wp\/v2\/pages\/5974","targetHints":{"allow":["GET"]}}],"collection":[{"href":"https:\/\/curriculum.nbed.ca\/fr\/wp-json\/wp\/v2\/pages"}],"about":[{"href":"https:\/\/curriculum.nbed.ca\/fr\/wp-json\/wp\/v2\/types\/page"}],"author":[{"embeddable":true,"href":"https:\/\/curriculum.nbed.ca\/fr\/wp-json\/wp\/v2\/users\/6"}],"replies":[{"embeddable":true,"href":"https:\/\/curriculum.nbed.ca\/fr\/wp-json\/wp\/v2\/comments?post=5974"}],"version-history":[{"count":7,"href":"https:\/\/curriculum.nbed.ca\/fr\/wp-json\/wp\/v2\/pages\/5974\/revisions"}],"predecessor-version":[{"id":9025,"href":"https:\/\/curriculum.nbed.ca\/fr\/wp-json\/wp\/v2\/pages\/5974\/revisions\/9025"}],"up":[{"embeddable":true,"href":"https:\/\/curriculum.nbed.ca\/fr\/wp-json\/wp\/v2\/pages\/2474"}],"wp:attachment":[{"href":"https:\/\/curriculum.nbed.ca\/fr\/wp-json\/wp\/v2\/media?parent=5974"}],"curies":[{"name":"wp","href":"https:\/\/api.w.org\/{rel}","templated":true}]}}