{"id":229,"date":"2023-03-16T09:15:02","date_gmt":"2023-03-16T09:15:02","guid":{"rendered":"http:\/\/SITEURL\/curriculum-framework\/"},"modified":"2026-04-24T13:57:24","modified_gmt":"2026-04-24T13:57:24","slug":"cadre-du-programme-detudes","status":"publish","type":"page","link":"https:\/\/curriculum.nbed.ca\/fr\/cadre-du-programme-detudes\/","title":{"rendered":"Cadre du curriculum \u00e9ducatif"},"content":{"rendered":"<div class=\"info-section\">\n    <div class=\"container\">\n                                    <div class=\"heading-info\">\n                    <div class=\"heading-info__columns\">\n                                                    <div class=\"heading-info__col\">\n                                <div class=\"heading-info__visual\">\n                                    <img decoding=\"async\" src=\"https:\/\/curriculum.nbed.ca\/wp-content\/uploads\/2023\/03\/image-05.png\" alt=\"image description\">\n                                <\/div>\n                            <\/div>\n                                                                            <div class=\"heading-info__col\">\n                                <h2>PORT\u00c9E ET OBJECTIF<\/h2>\n<p>Le curriculum \u00e9ducatif, le cadre, les d\u00e9cisions, les intentions et les aptitudes des \u00e9ducateurs\u00a0 l\u2019environnement d\u2019apprentissage, les relations et les m\u00e9thodes d\u2019enseignement, ainsi que les int\u00e9r\u00eats, les motivations et la contribution des apprenants.<\/p>\n                                                                    <a href=\"https:\/\/curriculum.nbed.ca\/fr\/cadre-du-programme-detudes\/portee-et-objectif-du-curriculum-educatif\/\" class=\"link_row\">Plus<\/a>\n                                  \n                            <\/div>\n                                            <\/div>\n                <\/div>\n                                        <div class=\"info-cards\">\n                                    <div class=\"info-card card-style-1\">\n                                                    <span class=\"info-card__icon\">\n                                <img decoding=\"async\" src=\"https:\/\/curriculum.nbed.ca\/wp-content\/uploads\/2023\/03\/icon-1-1.png\" alt=\"image description\">\n                            <\/span>\n                                                                            <div class=\"info-card__heading\">\n                                <h3>LES FONDEMENTS DE NOTRE FA\u00c7ON D\u2019ENSEIGNER ET DE NOS ENSEIGNEMENTS<\/h3>\n                            <\/div>\n                                                                            <div class=\"info-rows\">\n                                                                    <div class=\"info-row\">\n                                        <div class=\"info-row__heading\">\n                                            <h4>VISION <\/h4>\n                                        <\/div>\n                                        <div class=\"info-row__content\">\n                                                                                            <div class=\"info-row__text\">\n                                                    <p>Tous les apprenants d\u00e9velopperont leur autonomie, afin d\u2019agir pour am\u00e9liorer leur vie et celle des autres, aujourd\u2019hui et pour les g\u00e9n\u00e9rations futures. \u2013 Portrait of a Learner (2019)<\/p>\n                                                <\/div>\n                                                                                                                                        <a href=\"\/fr\/cadre-du-programme-detudes\/les-fondements-de-notre-facon-denseigner-et-de-nos-enseignements-vision\/\" class=\"link_row\">Plus<\/a>\n                                                                                                                                <\/div>\n                                    <\/div>\n                                                                    <div class=\"info-row\">\n                                        <div class=\"info-row__heading\">\n                                            <h4>PRINCIPES COMMUNS <\/h4>\n                                        <\/div>\n                                        <div class=\"info-row__content\">\n                                                                                            <div class=\"info-row__text\">\n                                                    <p>Histoire et culture Wabanaki; identit\u00e9s, inclusion et \u00e9quit\u00e9; apprentissage tout au long de la vie; relations et liens; avenir durable; mieux-\u00eatre.<\/p>\n                                                <\/div>\n                                                                                                                                        <a href=\"\/fr\/cadre-du-programme-detudes\/les-fondements-de-notre-facon-denseigner-et-de-nos-enseignements-principes-communs\/\" class=\"link_row\">Plus<\/a>\n                                                                                                                                <\/div>\n                                    <\/div>\n                                                                    <div class=\"info-row\">\n                                        <div class=\"info-row__heading\">\n                                            <h4>Favoriser la R\u00e9ussite<\/h4>\n                                        <\/div>\n                                        <div class=\"info-row__content\">\n                                                                                            <div class=\"info-row__text\">\n                                                    <p>Cette section pr\u00e9sente les fondements cl\u00e9s qui orientent ce que nous enseignons et comment l\u2019apprentissage est v\u00e9cu au Nouveau-Brunswick afin de favoriser la r\u00e9ussite de toutes les personnes apprenantes. Elle met l\u2019accent sur l\u2019agentivit\u00e9 des personnes apprenantes, des pratiques inclusives et le r\u00f4le partag\u00e9 des \u00e9ducateurs et des communaut\u00e9s.<\/p>\n                                                <\/div>\n                                                                                                                                        <a href=\"https:\/\/curriculum.nbed.ca\/fr\/cadre-du-programme-detudes\/les-fondements-de-notre-facon-denseigner-et-de-nos-enseignements-favoriser-la-reussite\/\" class=\"link_row\">Plus<\/a>\n                                                                                                                                <\/div>\n                                    <\/div>\n                                                            <\/div>\n                                            <\/div>\n                                    <div class=\"info-card card-style-2\">\n                                                    <span class=\"info-card__icon\">\n                                <img decoding=\"async\" src=\"https:\/\/curriculum.nbed.ca\/wp-content\/uploads\/2023\/03\/icon-2-1.png\" alt=\"image description\">\n                            <\/span>\n                                                                            <div class=\"info-card__heading\">\n                                <h3>NOTRE FA\u00c7ON D\u2019ENSEIGNER<\/h3>\n                            <\/div>\n                                                                            <div class=\"info-rows\">\n                                                                    <div class=\"info-row\">\n                                        <div class=\"info-row__heading\">\n                                            <h4>APPROCHES P\u00c9DAGOGIQUES<\/h4>\n                                        <\/div>\n                                        <div class=\"info-row__content\">\n                                                                                            <div class=\"info-row__text\">\n                                                    <p>Grande estime de chaque apprenant, espaces d\u2019apprentissage s\u00fbrs et positifs, enseignement direct, apprentissage exp\u00e9rientiel, apprentissage par le jeu et la recherche, apprentissage pertinent.<\/p>\n                                                <\/div>\n                                                                                                                                        <a href=\"\/fr\/cadre-du-programme-detudes\/approches-pedagogiques\/\" class=\"link_row\">Plus<\/a>\n                                                                                                                                <\/div>\n                                    <\/div>\n                                                                    <div class=\"info-row\">\n                                        <div class=\"info-row__heading\">\n                                            <h4>BLOCS DE PROGRAMME <\/h4>\n                                        <\/div>\n                                        <div class=\"info-row__content\">\n                                                                                            <div class=\"info-row__text\">\n                                                    <p>Petite enfance, primaire, \u00e9l\u00e9mentaire, interm\u00e9diaire, secondaire.<\/p>\n                                                <\/div>\n                                                                                                                                        <a href=\"https:\/\/curriculum.nbed.ca\/fr\/cadre-du-programme-detudes\/notre-facon-denseigner-blocs-de-programme\/\" class=\"link_row\">Plus<\/a>\n                                                                                                                                        <div class=\"info-row__visual\">\n                                                    <img decoding=\"async\" src=\"https:\/\/curriculum.nbed.ca\/wp-content\/uploads\/2023\/03\/image-07.jpg\" alt=\"image description\">\n                                                <\/div>\n                                                                                    <\/div>\n                                    <\/div>\n                                                            <\/div>\n                                            <\/div>\n                                    <div class=\"info-card card-style-3\">\n                                                    <span class=\"info-card__icon\">\n                                <img decoding=\"async\" src=\"https:\/\/curriculum.nbed.ca\/wp-content\/uploads\/2023\/03\/icon-3-1.png\" alt=\"image description\">\n                            <\/span>\n                                                                            <div class=\"info-card__heading\">\n                                <h3>NOS ENSEIGNEMENTS<\/h3>\n                            <\/div>\n                                                                            <div class=\"info-rows\">\n                                                                    <div class=\"info-row\">\n                                        <div class=\"info-row__heading\">\n                                            <h4>ATTITUDES <\/h4>\n                                        <\/div>\n                                        <div class=\"info-row__content\">\n                                                                                            <div class=\"info-row__text\">\n                                                    <p>Accueillir, croire, \u00eatre pr\u00e9sent, faire preuve de courage, faire preuve de reconnaissance.<\/p>\n                                                <\/div>\n                                                                                                                                        <a href=\"https:\/\/curriculum.nbed.ca\/fr\/cadre-du-programme-detudes\/nos-enseignements-attitudes\/\" class=\"link_row\">Plus<\/a>\n                                                                                                                                <\/div>\n                                    <\/div>\n                                                                    <div class=\"info-row\">\n                                        <div class=\"info-row__heading\">\n                                            <h4>\u00caTRE ET DEVENIR GLOBALEMENT COMP\u00c9TENT<\/h4>\n                                        <\/div>\n                                        <div class=\"info-row__content\">\n                                                                                            <div class=\"info-row__text\">\n                                                    <p>Collaboration; communication; pens\u00e9e critique et r\u00e9solution de probl\u00e8mes; innovation, cr\u00e9ativit\u00e9 et entrepreneuriat; conscience de soi et autogestion; durabilit\u00e9 et citoyennet\u00e9 mondiale.<\/p>\n                                                <\/div>\n                                                                                                                                        <a href=\"https:\/\/curriculum.nbed.ca\/fr\/cadre-du-programme-detudes\/nos-enseignements-etre-et-devenir-globalement-competent\/\" class=\"link_row\">Plus<\/a>\n                                                                                                                                <\/div>\n                                    <\/div>\n                                                                    <div class=\"info-row\">\n                                        <div class=\"info-row__heading\">\n                                            <h4>DOMAINES D\u2019APPRENTISSAGE <\/h4>\n                                        <\/div>\n                                        <div class=\"info-row__content\">\n                                                                                            <div class=\"info-row__text\">\n                                                    <p>L&rsquo;organisation de l&rsquo;apprentissage par objectifs dans l&rsquo;apprentissage pr\u00e9coce et dans les mati\u00e8res de la maternelle \u00e0 la premi\u00e8re ann\u00e9e. <\/p>\n                                                <\/div>\n                                                                                                                                        <a href=\"\/fr\/cadre-du-programme-detudes\/nos-enseignements-concepts-et-aptitudes-dans-les-domaines-dapprentissage\/\" class=\"link_row\">Plus<\/a>\n                                                                                                                                <\/div>\n                                    <\/div>\n                                                            <\/div>\n                                            <\/div>\n                            <\/div>\n            <\/div>\n<\/div>\n","protected":false},"excerpt":{"rendered":"","protected":false},"author":6,"featured_media":209,"parent":0,"menu_order":0,"comment_status":"closed","ping_status":"closed","template":"","meta":{"_acf_changed":false,"footnotes":""},"class_list":["post-229","page","type-page","status-publish","has-post-thumbnail","hentry"],"acf":[],"_links":{"self":[{"href":"https:\/\/curriculum.nbed.ca\/fr\/wp-json\/wp\/v2\/pages\/229","targetHints":{"allow":["GET"]}}],"collection":[{"href":"https:\/\/curriculum.nbed.ca\/fr\/wp-json\/wp\/v2\/pages"}],"about":[{"href":"https:\/\/curriculum.nbed.ca\/fr\/wp-json\/wp\/v2\/types\/page"}],"author":[{"embeddable":true,"href":"https:\/\/curriculum.nbed.ca\/fr\/wp-json\/wp\/v2\/users\/6"}],"replies":[{"embeddable":true,"href":"https:\/\/curriculum.nbed.ca\/fr\/wp-json\/wp\/v2\/comments?post=229"}],"version-history":[{"count":33,"href":"https:\/\/curriculum.nbed.ca\/fr\/wp-json\/wp\/v2\/pages\/229\/revisions"}],"predecessor-version":[{"id":11783,"href":"https:\/\/curriculum.nbed.ca\/fr\/wp-json\/wp\/v2\/pages\/229\/revisions\/11783"}],"wp:featuredmedia":[{"embeddable":true,"href":"https:\/\/curriculum.nbed.ca\/fr\/wp-json\/wp\/v2\/media\/209"}],"wp:attachment":[{"href":"https:\/\/curriculum.nbed.ca\/fr\/wp-json\/wp\/v2\/media?parent=229"}],"curies":[{"name":"wp","href":"https:\/\/api.w.org\/{rel}","templated":true}]}}