{"id":2172,"date":"2023-04-03T14:46:17","date_gmt":"2023-04-03T14:46:17","guid":{"rendered":"https:\/\/curriculum.nbed.ca\/domaines-dapprentissage\/elementaire\/french-second-language-flora\/"},"modified":"2024-10-10T19:41:33","modified_gmt":"2024-10-10T19:41:33","slug":"francais-intensif","status":"publish","type":"page","link":"https:\/\/curriculum.nbed.ca\/fr\/domaines-dapprentissage\/elementaire\/francais-langue-seconde\/francais-intensif\/","title":{"rendered":"Fran\u00e7ais intensif"},"content":{"rendered":"<div class=\"g-container\">\n<p>Exp\u00e9riences d\u2019apprentissage du fran\u00e7ais vise \u00e0 cr\u00e9er un environnement positif et enrichissant pour que les apprenants d\u00e9veloppent leurs comp\u00e9tences en fran\u00e7ais. En int\u00e9grant le fran\u00e7ais dans leur routine, les apprenants peuvent naturellement et authentiquement d\u00e9velopper leurs comp\u00e9tences. Le programme offre une exposition pr\u00e9coce \u00e0 la langue fran\u00e7aise et offre des exp\u00e9riences engageantes pour cultiver un int\u00e9r\u00eat \u00e0 vie pour la culture fran\u00e7aise, tout en soulignant les avantages d\u2019apprendre une langue suppl\u00e9mentaire.<\/p>\n<\/div>\n\n<div class=\"g-container\">\n<p>Ce programme met fortement l\u2019accent sur la promotion d\u2019une compr\u00e9hension et d\u2019une appr\u00e9ciation de la culture fran\u00e7aise. Les apprenants seront expos\u00e9s \u00e0 divers aspects de la culture fran\u00e7aise, tels que les coutumes, les traditions, l\u2019art, la musique et la cuisine. Cette exposition vise \u00e0 \u00e9largir leur conscience culturelle et \u00e0 favoriser un lien plus profond avec la francophonie.<\/p>\n<\/div>\n\n<div class=\"g-container\">\n<p>En 5e ann\u00e9e, le programme intensif de fran\u00e7ais met l\u2019accent sur la cr\u00e9ation d\u2019un environnement positif et enrichissant pour que les apprenants d\u00e9veloppent leurs comp\u00e9tences linguistiques en fran\u00e7ais. Il utilise une approche centr\u00e9e sur l\u2019apprenant, mettant l\u2019accent sur la mod\u00e9lisation linguistique et la communication significative. Ce programme vise \u00e0 favoriser l\u2019alphab\u00e9tisation en fran\u00e7ais par l\u2019utilisation de la langue dans la vie r\u00e9elle et l\u2019apprentissage informel bas\u00e9 sur les int\u00e9r\u00eats et les exp\u00e9riences de l\u2019apprenant. Intensif \u00e9quipe les \u00e9tudiants avec des comp\u00e9tences linguistiques et des comp\u00e9tences de vie essentielles.<\/p>\n<\/div>","protected":false},"excerpt":{"rendered":"<p>Exp\u00e9riences d\u2019apprentissage du fran\u00e7ais vise \u00e0 cr\u00e9er un environnement positif et enrichissant pour que les apprenants d\u00e9veloppent leurs comp\u00e9tences en fran\u00e7ais. En int\u00e9grant le fran\u00e7ais dans leur routine, les apprenants peuvent naturellement et authentiquement d\u00e9velopper leurs comp\u00e9tences. Le programme offre une exposition pr\u00e9coce \u00e0 la langue fran\u00e7aise et offre des exp\u00e9riences engageantes pour cultiver un [&hellip;]<\/p>\n","protected":false},"author":6,"featured_media":0,"parent":8795,"menu_order":0,"comment_status":"closed","ping_status":"closed","template":"pages\/template-subject.php","meta":{"_acf_changed":false,"footnotes":""},"class_list":["post-2172","page","type-page","status-publish","hentry"],"acf":[],"_links":{"self":[{"href":"https:\/\/curriculum.nbed.ca\/fr\/wp-json\/wp\/v2\/pages\/2172","targetHints":{"allow":["GET"]}}],"collection":[{"href":"https:\/\/curriculum.nbed.ca\/fr\/wp-json\/wp\/v2\/pages"}],"about":[{"href":"https:\/\/curriculum.nbed.ca\/fr\/wp-json\/wp\/v2\/types\/page"}],"author":[{"embeddable":true,"href":"https:\/\/curriculum.nbed.ca\/fr\/wp-json\/wp\/v2\/users\/6"}],"replies":[{"embeddable":true,"href":"https:\/\/curriculum.nbed.ca\/fr\/wp-json\/wp\/v2\/comments?post=2172"}],"version-history":[{"count":20,"href":"https:\/\/curriculum.nbed.ca\/fr\/wp-json\/wp\/v2\/pages\/2172\/revisions"}],"predecessor-version":[{"id":8835,"href":"https:\/\/curriculum.nbed.ca\/fr\/wp-json\/wp\/v2\/pages\/2172\/revisions\/8835"}],"up":[{"embeddable":true,"href":"https:\/\/curriculum.nbed.ca\/fr\/wp-json\/wp\/v2\/pages\/8795"}],"wp:attachment":[{"href":"https:\/\/curriculum.nbed.ca\/fr\/wp-json\/wp\/v2\/media?parent=2172"}],"curies":[{"name":"wp","href":"https:\/\/api.w.org\/{rel}","templated":true}]}}