{"id":1960,"date":"2023-04-21T18:46:43","date_gmt":"2023-04-21T18:46:43","guid":{"rendered":"https:\/\/curriculum.nbed.ca\/cadre-du-programme-detudes\/scope-and-purpose-of-the-curriculum-framework\/"},"modified":"2024-05-03T17:56:13","modified_gmt":"2024-05-03T17:56:13","slug":"portee-et-objectif-du-curriculum-educatif","status":"publish","type":"page","link":"https:\/\/curriculum.nbed.ca\/fr\/cadre-du-programme-detudes\/portee-et-objectif-du-curriculum-educatif\/","title":{"rendered":"Port\u00e9e et Objectif du Curriculum \u00c9ducatif"},"content":{"rendered":"<div class=\"g-container\">\n<p class=\"has-text-align-left\"><\/p>\n<\/div>\n\n<div class=\"g-container\">\n<div class=\"wp-block-columns block-scope is-layout-flex wp-container-core-columns-is-layout-9d6595d7 wp-block-columns-is-layout-flex\">\n<div class=\"wp-block-column col-img is-layout-flow wp-block-column-is-layout-flow\" style=\"flex-basis:33.33%\"><div class=\"g-container\">\n<figure class=\"wp-block-image size-full\"><img loading=\"lazy\" decoding=\"async\" width=\"188\" height=\"169\" src=\"https:\/\/curriculum.nbed.ca\/wp-content\/uploads\/2023\/03\/image-05.png\" alt=\"\" class=\"wp-image-113\"\/><\/figure>\n<\/div><\/div>\n\n\n\n<div class=\"wp-block-column col-text is-layout-flow wp-block-column-is-layout-flow\" style=\"flex-basis:66.66%\"><div class=\"g-container\">\n<h4 class=\"wp-block-heading\">PORT\u00c9E ET OBJECTIF DU CURRICULUM \u00c9DUCATIF<\/h4>\n<\/div>\n\n<div class=\"g-container\">\n<p>Le curriculum \u00e9ducatif modernis\u00e9 a \u00e9t\u00e9 \u00e9labor\u00e9 gr\u00e2ce \u00e0 une s\u00e9rie de consultations lanc\u00e9es dans le cadre de l\u2019examen et de l\u2019adoption des comp\u00e9tences globales du Nouveau-Brunswick en d\u00e9cembre&nbsp;2017. \u00c0 la suite de l\u2019adoption des comp\u00e9tences globales, le minist\u00e8re de l\u2019\u00c9ducation et du D\u00e9veloppement de la petite enfance a mis en \u0153uvre le <em>Portrait of a Learner<\/em> (2019), premi\u00e8re \u00e9tape du renouvellement du curriculum.<\/p>\n<\/div>\n\n<div class=\"g-container\">\n<p>Ce document pr\u00e9sente la vision de l\u2019\u00e9ducation, qui a pour objectif de d\u00e9velopper l\u2019autonomie des apprenants. Le <em>Portrait of a Learner<\/em> a servi de guide pour l\u2019\u00e9laboration du curriculum \u00e9ducatif, qui a une port\u00e9e plus large que les r\u00e9sultats traditionnels des mati\u00e8res. Il reconna\u00eet \u00e9galement que les \u00e9ducateurs prennent des d\u00e9cisions professionnelles et mettent en \u0153uvre le curriculum dans leur contexte, de fa\u00e7on unique, afin de favoriser la croissance et le perfectionnement des apprenants.<\/p>\n<\/div>\n\n<div class=\"g-container\">\n<p>Le curriculum \u00e9ducatif comprend trois \u00e9l\u00e9ments&nbsp;:<\/p>\n<\/div>\n\n<div class=\"g-container\">\n<ul class=\"wp-block-list\">\n<li><strong>les fondements de notre fa\u00e7on d\u2019enseigner et de nos enseignements&nbsp;<\/strong>\u2013 <a href=\"https:\/\/curriculum.nbed.ca\/fr\/cadre-du-programme-detudes\/les-fondements-de-notre-facon-denseigner-et-de-nos-enseignements-vision\/\" data-type=\"page\" data-id=\"1964\">vision<\/a> et <a href=\"https:\/\/curriculum.nbed.ca\/fr\/cadre-du-programme-detudes\/les-fondements-de-notre-facon-denseigner-et-de-nos-enseignements-principes-communs\/\" data-type=\"page\" data-id=\"1968\">principes communs<\/a><\/li>\n\n\n\n<li><strong>notre fa\u00e7on d\u2019enseigner<\/strong> \u2013 <a href=\"https:\/\/curriculum.nbed.ca\/fr\/cadre-du-programme-detudes\/approches-pedagogiques\/\" data-type=\"page\" data-id=\"2009\">approches p\u00e9dagogiques<\/a> et <a href=\"https:\/\/curriculum.nbed.ca\/fr\/cadre-du-programme-detudes\/notre-facon-denseigner-blocs-de-programme\/\" data-type=\"page\" data-id=\"2019\">blocs de programme<\/a><\/li>\n\n\n\n<li><strong>nos enseignements<\/strong> \u2013 <a href=\"https:\/\/curriculum.nbed.ca\/fr\/cadre-du-programme-detudes\/nos-enseignements-attitudes\/\" data-type=\"page\" data-id=\"2026\">attitudes<\/a>, <a href=\"https:\/\/curriculum.nbed.ca\/fr\/cadre-du-programme-detudes\/nos-enseignements-etre-et-devenir-globalement-competent\/\" data-type=\"page\" data-id=\"2031\">comp\u00e9tences globales<\/a> et <a href=\"https:\/\/curriculum.nbed.ca\/fr\/cadre-du-programme-detudes\/nos-enseignements-concepts-et-aptitudes-dans-les-domaines-dapprentissage\/\" data-type=\"page\" data-id=\"2037\">domaines d\u2019apprentissage<\/a><\/li>\n<\/ul>\n<\/div>\n\n<div class=\"g-container\">\n<div class=\"wp-block-columns row-img is-layout-flex wp-container-core-columns-is-layout-9d6595d7 wp-block-columns-is-layout-flex\">\n<div class=\"wp-block-column is-layout-flow wp-block-column-is-layout-flow\"><div class=\"g-container\">\n<figure class=\"wp-block-image size-full\"><img loading=\"lazy\" decoding=\"async\" width=\"181\" height=\"174\" src=\"https:\/\/curriculum.nbed.ca\/wp-content\/uploads\/2023\/05\/im-scope1.jpg\" alt=\"\" class=\"wp-image-1355\"\/><\/figure>\n<\/div><\/div>\n\n\n\n<div class=\"wp-block-column is-layout-flow wp-block-column-is-layout-flow\"><div class=\"g-container\">\n<figure class=\"wp-block-image size-full\"><img loading=\"lazy\" decoding=\"async\" width=\"181\" height=\"174\" src=\"https:\/\/curriculum.nbed.ca\/wp-content\/uploads\/2023\/05\/im-scope2.jpg\" alt=\"\" class=\"wp-image-1357\"\/><\/figure>\n<\/div><\/div>\n\n\n\n<div class=\"wp-block-column is-layout-flow wp-block-column-is-layout-flow\"><div class=\"g-container\">\n<figure class=\"wp-block-image size-full\"><img loading=\"lazy\" decoding=\"async\" width=\"181\" height=\"174\" src=\"https:\/\/curriculum.nbed.ca\/wp-content\/uploads\/2023\/05\/im-scope3.jpg\" alt=\"\" class=\"wp-image-1359\"\/><\/figure>\n<\/div><\/div>\n<\/div>\n<\/div>\n\n<div class=\"g-container\">\n<p>Ces composantes se combinent pour d\u00e9finir l&rsquo;orientation de l&rsquo;apprentissage des \u00e9l\u00e8ves et sont destin\u00e9es \u00e0 guider les \u00e9coles et leurs communaut\u00e9s dans la conception de l&rsquo;apprentissage. Le curriculum \u00e9ducatif est destin\u00e9 \u00e0 orienter tous les aspects de la vie scolaire et de l\u2019apprentissage, y compris <strong>l\u2019enseignement formel, les exp\u00e9riences d\u2019apprentissage p\u00e9riscolaires et parascolaires<\/strong>.<\/p>\n<\/div>\n\n<div class=\"g-container\">\n<p>Le curriculum prescrit fixe les normes. Notre fa\u00e7on d\u2019enseigner, nos enseignements, les r\u00e9sultats d\u2019apprentissage, le mat\u00e9riel et les ressources, l\u2019environnement d\u2019apprentissage, les relations et les m\u00e9thodes d\u2019enseignement, ainsi que les int\u00e9r\u00eats, les motivations, la contribution, les aptitudes et les exp\u00e9riences des apprenants et des \u00e9ducateurs fa\u00e7onnent le programme d\u2019\u00e9tudes en vigueur.<\/p>\n<\/div>\n\n<div class=\"g-container\">\n<p>Le curriculum \u00e9ducatif est destin\u00e9 \u00e0 aider les \u00e9ducateurs \u00e0 s&rsquo;adapter et \u00e0 r\u00e9pondre \u00e0 leurs apprenants.&nbsp;<\/p>\n<\/div>\n\n<div class=\"g-container\">\n<p>Chaque \u00e9l\u00e9ment comporte des d\u00e9tails suppl\u00e9mentaires int\u00e9gr\u00e9s dans la plateforme num\u00e9rique du programme d&rsquo;\u00e9tudes. En 10e ann\u00e9e, les \u00e9l\u00e8ves commencent \u00e0 choisir parmi un large \u00e9ventail de programmes. Leur exp\u00e9rience de l&rsquo;apprentissage pr\u00e9coce jusqu&rsquo;\u00e0 la 9e ann\u00e9e les pr\u00e9pare \u00e0 faire des choix r\u00e9fl\u00e9chis pour l&rsquo;avenir qu&rsquo;ils souhaitent.&nbsp;<\/p>\n<\/div><\/div>\n<\/div>\n<\/div>","protected":false},"excerpt":{"rendered":"<p>PORT\u00c9E ET OBJECTIF DU CURRICULUM \u00c9DUCATIF Le curriculum \u00e9ducatif modernis\u00e9 a \u00e9t\u00e9 \u00e9labor\u00e9 gr\u00e2ce \u00e0 une s\u00e9rie de consultations lanc\u00e9es dans le cadre de l\u2019examen et de l\u2019adoption des comp\u00e9tences globales du Nouveau-Brunswick en d\u00e9cembre&nbsp;2017. \u00c0 la suite de l\u2019adoption des comp\u00e9tences globales, le minist\u00e8re de l\u2019\u00c9ducation et du D\u00e9veloppement de la petite enfance a [&hellip;]<\/p>\n","protected":false},"author":6,"featured_media":0,"parent":229,"menu_order":0,"comment_status":"closed","ping_status":"closed","template":"","meta":{"_acf_changed":false,"footnotes":""},"class_list":["post-1960","page","type-page","status-publish","hentry"],"acf":[],"_links":{"self":[{"href":"https:\/\/curriculum.nbed.ca\/fr\/wp-json\/wp\/v2\/pages\/1960","targetHints":{"allow":["GET"]}}],"collection":[{"href":"https:\/\/curriculum.nbed.ca\/fr\/wp-json\/wp\/v2\/pages"}],"about":[{"href":"https:\/\/curriculum.nbed.ca\/fr\/wp-json\/wp\/v2\/types\/page"}],"author":[{"embeddable":true,"href":"https:\/\/curriculum.nbed.ca\/fr\/wp-json\/wp\/v2\/users\/6"}],"replies":[{"embeddable":true,"href":"https:\/\/curriculum.nbed.ca\/fr\/wp-json\/wp\/v2\/comments?post=1960"}],"version-history":[{"count":7,"href":"https:\/\/curriculum.nbed.ca\/fr\/wp-json\/wp\/v2\/pages\/1960\/revisions"}],"predecessor-version":[{"id":8155,"href":"https:\/\/curriculum.nbed.ca\/fr\/wp-json\/wp\/v2\/pages\/1960\/revisions\/8155"}],"up":[{"embeddable":true,"href":"https:\/\/curriculum.nbed.ca\/fr\/wp-json\/wp\/v2\/pages\/229"}],"wp:attachment":[{"href":"https:\/\/curriculum.nbed.ca\/fr\/wp-json\/wp\/v2\/media?parent=1960"}],"curies":[{"name":"wp","href":"https:\/\/api.w.org\/{rel}","templated":true}]}}