{"id":11086,"date":"2023-04-03T14:57:50","date_gmt":"2023-04-03T14:57:50","guid":{"rendered":"https:\/\/curriculum.nbed.ca\/domaines-dapprentissage\/secondaire\/apprentissage-lie-a-la-carriere\/lapprentissage-professionnel-et-lie-a-la-carriere\/career-connected-experiences-110\/"},"modified":"2026-01-29T16:01:10","modified_gmt":"2026-01-29T16:01:10","slug":"experiences-liees-a-la-carriere-110","status":"publish","type":"page","link":"https:\/\/curriculum.nbed.ca\/fr\/domaines-dapprentissage\/secondaire\/apprentissage-lie-a-la-carriere\/lapprentissage-professionnel-et-lie-a-la-carriere\/experiences-liees-a-la-carriere-110\/","title":{"rendered":"Exp\u00e9riences li\u00e9es \u00e0 la carri\u00e8re\u00a0110"},"content":{"rendered":"<div class=\"g-container\">\n<p>Que tu envisages une ann\u00e9e sabbatique, une exp\u00e9rience estivale unique ou l\u2019exploration de nouvelles avenues en dehors de la salle de classe, ce cours t\u2019aidera \u00e0 clarifier tes objectifs personnels et professionnels. Tu d\u00e9couvriras diff\u00e9rentes fa\u00e7ons de vivre, d\u2019apprendre et de travailler, tout en explorant les multiples possibilit\u00e9s qui s\u2019offrent \u00e0 toi. Au fil du parcours, tu auras l\u2019occasion d\u2019explorer les possibilit\u00e9s d\u2019emploi \u00e0 l\u2019\u00e9chelle locale, provinciale, nationale et internationale et de comprendre comment optimiser ton temps, ton argent et ton \u00e9nergie pour atteindre tes objectifs. Au programme\u00a0: d\u00e9velopper des comp\u00e9tences concr\u00e8tes comme la r\u00e9daction de CV, t\u2019ouvrir \u00e0 de nouvelles exp\u00e9riences pour gagner de l\u2019argent, d\u00e9couvrir le monde et renforcer ta confiance en toi et ton ind\u00e9pendance. <\/p>\n<\/div>\n\n<div class=\"g-container\">\n<div style=\"height:25px\" aria-hidden=\"true\" class=\"wp-block-spacer\"><\/div>\n<\/div>","protected":false},"excerpt":{"rendered":"<p>Que tu envisages une ann\u00e9e sabbatique, une exp\u00e9rience estivale unique ou l\u2019exploration de nouvelles avenues en dehors de la salle de classe, ce cours t\u2019aidera \u00e0 clarifier tes objectifs personnels et professionnels. Tu d\u00e9couvriras diff\u00e9rentes fa\u00e7ons de vivre, d\u2019apprendre et de travailler, tout en explorant les multiples possibilit\u00e9s qui s\u2019offrent \u00e0 toi. Au fil du [&hellip;]<\/p>\n","protected":false},"author":8,"featured_media":0,"parent":4384,"menu_order":0,"comment_status":"closed","ping_status":"closed","template":"pages\/template-subject.php","meta":{"_acf_changed":false,"footnotes":""},"class_list":["post-11086","page","type-page","status-publish","hentry"],"acf":[],"_links":{"self":[{"href":"https:\/\/curriculum.nbed.ca\/fr\/wp-json\/wp\/v2\/pages\/11086","targetHints":{"allow":["GET"]}}],"collection":[{"href":"https:\/\/curriculum.nbed.ca\/fr\/wp-json\/wp\/v2\/pages"}],"about":[{"href":"https:\/\/curriculum.nbed.ca\/fr\/wp-json\/wp\/v2\/types\/page"}],"author":[{"embeddable":true,"href":"https:\/\/curriculum.nbed.ca\/fr\/wp-json\/wp\/v2\/users\/8"}],"replies":[{"embeddable":true,"href":"https:\/\/curriculum.nbed.ca\/fr\/wp-json\/wp\/v2\/comments?post=11086"}],"version-history":[{"count":4,"href":"https:\/\/curriculum.nbed.ca\/fr\/wp-json\/wp\/v2\/pages\/11086\/revisions"}],"predecessor-version":[{"id":11421,"href":"https:\/\/curriculum.nbed.ca\/fr\/wp-json\/wp\/v2\/pages\/11086\/revisions\/11421"}],"up":[{"embeddable":true,"href":"https:\/\/curriculum.nbed.ca\/fr\/wp-json\/wp\/v2\/pages\/4384"}],"wp:attachment":[{"href":"https:\/\/curriculum.nbed.ca\/fr\/wp-json\/wp\/v2\/media?parent=11086"}],"curies":[{"name":"wp","href":"https:\/\/api.w.org\/{rel}","templated":true}]}}