{"id":10660,"date":"2023-04-03T14:57:50","date_gmt":"2023-04-03T14:57:50","guid":{"rendered":"https:\/\/curriculum.nbed.ca\/domaines-dapprentissage\/secondaire\/apprentissage-lie-a-la-carriere\/lapprentissage-professionnel-et-lie-a-la-carriere\/career-pathway-mentorship-120\/"},"modified":"2025-08-22T21:09:25","modified_gmt":"2025-08-22T21:09:25","slug":"mentorat-dans-le-cadre-dun-parcours-professionnel-120","status":"publish","type":"page","link":"https:\/\/curriculum.nbed.ca\/fr\/domaines-dapprentissage\/secondaire\/apprentissage-lie-a-la-carriere\/lapprentissage-professionnel-et-lie-a-la-carriere\/mentorat-dans-le-cadre-dun-parcours-professionnel-120\/","title":{"rendered":"Mentorat dans le cadre d\u2019un parcours professionnel\u00a0120"},"content":{"rendered":"<div class=\"g-container\">\n<p>Le cours Mentorat dans le cadre d\u2019un parcours professionnel&nbsp;120 associe des r\u00e9sultats d\u2019apprentissage \u00e0 des exp\u00e9riences pratiques dans le cadre de stages adapt\u00e9s au parcours professionnel de la personne apprenante, en mettant l\u2019accent sur les objectifs suivants&nbsp;:<\/p>\n<\/div>\n\n<div class=\"g-container\">\n<ul class=\"wp-block-list\">\n<li>examiner et souligner l\u2019importance du mentorat au travail ;<\/li>\n\n\n\n<li>s\u2019engager dans un apprentissage li\u00e9 \u00e0 la carri\u00e8re au moyen d\u2019exp\u00e9riences significatives en milieu professionnel ou d\u2019un parcours professionnel ;<\/li>\n\n\n\n<li>d\u00e9montrer l\u2019apprentissage par la pratique r\u00e9flexive.<\/li>\n<\/ul>\n<\/div>\n\n<div class=\"g-container\">\n<p>Le cours Mentorat dans le cadre d\u2019un parcours professionnel&nbsp;120 utilise une relation tripartite entre le personnel enseignant, les personnes apprenantes et les partenaires de la collectivit\u00e9 et de l\u2019industrie, soutenue par la politique&nbsp;307. Une exp\u00e9rience d\u2019apprentissage positive pour tous sera planifi\u00e9e et g\u00e9r\u00e9e par les partenaires afin d\u2019assurer une progression syst\u00e9matique de l\u2019exploration et de la planification des carri\u00e8res ainsi que de l\u2019apprentissage exp\u00e9rientiel. Ce cours est l\u2019occasion d\u2019explorer une carri\u00e8re ou un emploi local, ou d\u2019\u00e9laborer un parcours professionnel menant \u00e0 une profession ou \u00e0 une vocation. Les personnes apprenantes peuvent choisir 4, 8 ou 12&nbsp;heures-cr\u00e9dits en fonction des disponibilit\u00e9s inscrites au calendrier. Il s\u2019agit g\u00e9n\u00e9ralement d\u2019un cours de 8&nbsp;heures-cr\u00e9dits. Ce cours fait partie du sous-groupe L\u2019apprentissage professionnel et li\u00e9 \u00e0 la carri\u00e8re en ce qui concerne les exigences relatives \u00e0 l\u2019obtention du dipl\u00f4me d\u2019\u00e9tudes secondaires.<\/p>\n<\/div>\n\n<div class=\"g-container\">\n<p>La r\u00e9ussite du cours Conception d\u2019un parcours professionnel&nbsp;10 peut favoriser l\u2019apprentissage et la r\u00e9ussite du cours Mentorat dans le cadre d\u2019un parcours professionnel&nbsp;120. Une proc\u00e9dure de demande d\u2019inscription \u00e0 ce cours est sugg\u00e9r\u00e9e. Des exemples de demande d\u2019inscription sont fournis dans le guide d\u2019accompagnement. Il convient \u00e9galement de noter que les personnes apprenantes seront responsables d\u2019organiser leur transport lorsque cela sera n\u00e9cessaire.<\/p>\n<\/div>\n\n<div class=\"g-container\">\n<p>Dans la mesure du possible, on incite le personnel enseignant \u00e0 chercher des partenariats qui r\u00e9pondent aux int\u00e9r\u00eats des personnes apprenantes. Le personnel du district, l\u2019\u00e9quipe responsable de l\u2019apprentissage exp\u00e9rientiel, les responsables des centres d\u2019excellence et les agents p\u00e9dagogiques provinciaux du MEDPE peuvent apporter leur soutien.<\/p>\n<\/div>\n\n<div class=\"g-container\">\n<p>L\u2019engagement du MEDPE envers l\u2019apprentissage exp\u00e9rientiel pour toutes les personnes apprenantes est appuy\u00e9 par Avenir&nbsp;NB et les relations du MEDPE avec des partenaires communautaires et industriels. Les proc\u00e9dures et les responsabilit\u00e9s des partenaires participants peuvent \u00eatre obtenues aupr\u00e8s du responsable de l\u2019apprentissage exp\u00e9rientiel au MEDPE. Il est essentiel que le cours Mentorat dans le cadre d\u2019un parcours professionnel&nbsp;120 mette l\u2019accent sur l\u2019apprentissage et le perfectionnement professionnel, qui se distinguent des emplois \u00e0 temps partiel et des emplois manuels. Pour cette raison, les personnes apprenantes ne peuvent pas recevoir de salaire horaire ou autre pour les heures pass\u00e9es \u00e0 l\u2019ext\u00e9rieur de l\u2019\u00e9tablissement pendant l\u2019ann\u00e9e scolaire et pendant les heures de cours. Toutefois, nous incitons les partenaires et les personnes apprenantes \u00e0 poursuivre une relation b\u00e9n\u00e9fique pour tous apr\u00e8s l\u2019ann\u00e9e scolaire si les deux parties sont d\u2019accord. Si un partenaire souhaite embaucher une personne apprenante au-del\u00e0 des exigences du programme pr\u00e9approuv\u00e9, l\u2019entente doit \u00eatre conclue directement entre la personne apprenante et l\u2019employeur, sans intervention de l\u2019\u00e9cole ou du personnel enseignant, et elle doit \u00eatre conforme \u00e0 la l\u00e9gislation sur les normes du travail du Nouveau-Brunswick. La couverture de Travail s\u00e9curitaire Nouveau-Brunswick par l\u2019interm\u00e9diaire du MEDPE ne s\u2019applique qu\u2019aux heures de participation au programme et ne s\u2019applique pas lorsqu\u2019une personne apprenante re\u00e7oit un salaire.<\/p>\n<\/div>\n\n<div class=\"g-container\">\n<p class=\"has-white-color has-text-color has-background has-link-color wp-elements-bae4becd2d5f46360ba0694e0deff883\" style=\"background:linear-gradient(135deg,rgb(1,105,96) 0%,rgb(255,255,255) 100%)\"><strong>For Educators: <\/strong><\/p>\n<\/div>\n\n<div class=\"g-container\">\n<div class=\"wp-block-columns is-layout-flex wp-container-core-columns-is-layout-9d6595d7 wp-block-columns-is-layout-flex\">\n<div class=\"wp-block-column is-layout-flow wp-block-column-is-layout-flow\"><div class=\"g-container\">\n<ul class=\"wp-block-list\">\n<li><a href=\"https:\/\/nbed.sharepoint.com\/:b:\/r\/sites\/InDevelopment\/Career%20Connected\/CPM120CompDocument_Comp_20250624_v0.1_Finalvetted_2028.pdf?csf=1&amp;web=1&amp;e=uK0tjG\" data-type=\"link\" data-id=\"https:\/\/nbed.sharepoint.com\/:b:\/r\/sites\/InDevelopment\/Career%20Connected\/CPM120CompDocument_Comp_20250624_v0.1_Finalvetted_2028.pdf?csf=1&amp;web=1&amp;e=uK0tjG\" target=\"_blank\" rel=\"noreferrer noopener\">Mentorat dans le cadre d\u2019un parcours professionnel 120  &#8211; guide d\u2019accompagnement du programme<\/a><\/li>\n<\/ul>\n<\/div><\/div>\n\n\n\n<div class=\"wp-block-column is-layout-flow wp-block-column-is-layout-flow\"><div class=\"g-container\">\n<p><\/p>\n<\/div><\/div>\n<\/div>\n<\/div>\n\n<div class=\"g-container\">\n<div style=\"height:56px\" aria-hidden=\"true\" class=\"wp-block-spacer\"><\/div>\n<\/div>","protected":false},"excerpt":{"rendered":"<p>Le cours Mentorat dans le cadre d\u2019un parcours professionnel&nbsp;120 associe des r\u00e9sultats d\u2019apprentissage \u00e0 des exp\u00e9riences pratiques dans le cadre de stages adapt\u00e9s au parcours professionnel de la personne apprenante, en mettant l\u2019accent sur les objectifs suivants&nbsp;: Le cours Mentorat dans le cadre d\u2019un parcours professionnel&nbsp;120 utilise une relation tripartite entre le personnel enseignant, les [&hellip;]<\/p>\n","protected":false},"author":8,"featured_media":0,"parent":4384,"menu_order":0,"comment_status":"closed","ping_status":"closed","template":"pages\/template-subject.php","meta":{"_acf_changed":false,"footnotes":""},"class_list":["post-10660","page","type-page","status-publish","hentry"],"acf":[],"_links":{"self":[{"href":"https:\/\/curriculum.nbed.ca\/fr\/wp-json\/wp\/v2\/pages\/10660","targetHints":{"allow":["GET"]}}],"collection":[{"href":"https:\/\/curriculum.nbed.ca\/fr\/wp-json\/wp\/v2\/pages"}],"about":[{"href":"https:\/\/curriculum.nbed.ca\/fr\/wp-json\/wp\/v2\/types\/page"}],"author":[{"embeddable":true,"href":"https:\/\/curriculum.nbed.ca\/fr\/wp-json\/wp\/v2\/users\/8"}],"replies":[{"embeddable":true,"href":"https:\/\/curriculum.nbed.ca\/fr\/wp-json\/wp\/v2\/comments?post=10660"}],"version-history":[{"count":3,"href":"https:\/\/curriculum.nbed.ca\/fr\/wp-json\/wp\/v2\/pages\/10660\/revisions"}],"predecessor-version":[{"id":10665,"href":"https:\/\/curriculum.nbed.ca\/fr\/wp-json\/wp\/v2\/pages\/10660\/revisions\/10665"}],"up":[{"embeddable":true,"href":"https:\/\/curriculum.nbed.ca\/fr\/wp-json\/wp\/v2\/pages\/4384"}],"wp:attachment":[{"href":"https:\/\/curriculum.nbed.ca\/fr\/wp-json\/wp\/v2\/media?parent=10660"}],"curies":[{"name":"wp","href":"https:\/\/api.w.org\/{rel}","templated":true}]}}